{"id":26116,"date":"2025-11-26T17:19:52","date_gmt":"2025-11-26T15:19:52","guid":{"rendered":"https:\/\/www.designradar.com\/?post_type=product&#038;p=26116"},"modified":"2026-01-08T10:53:00","modified_gmt":"2026-01-08T08:53:00","slug":"lampa-suspendata-nami","status":"publish","type":"product","link":"https:\/\/www.designradar.com\/en\/product\/lampa-suspendata-nami\/","title":{"rendered":"Lamp\u0103 suspendat\u0103 Nami"},"content":{"rendered":"<p>Lamp\u0103 suspendat\u0103 cu difuzor din sticl\u0103 texturat\u0103 \u0219i curbat\u0103 \u0219i structur\u0103 metalic\u0103 finisat\u0103. Nami, din japonezul \u201eval\u201d, este o metafor\u0103 a luminii: unda de sticl\u0103 refract\u0103 lumina mai multor surse ascunse misterios \u00een interior. Sticla \u0219i lumina, cele dou\u0103 elemente esen\u021biale ale l\u0103mpii Nami, coexist\u0103 \u00een armonie \u0219i se pun reciproc \u00een valoare. Textura sticlei imprimate \u0219i curburile sale multiplic\u0103 reflexiile, cre\u00e2nd jocuri de contrast care se transform\u0103 odat\u0103 cu schimbarea perspectivei, \u00een timp ce cadrul din metal vopsit contureaz\u0103 forma, oferind stabilitate \u0219i elegan\u021b\u0103 ansamblului.<\/p>\n<p>Pre\u021bul afi\u0219at este valabil pentru dimensiunea standard de 150 cm lungime (produsul din imagine).<\/p>\n<p>Lungime cablu: 275 cm<br \/>\nTemperatur\u0103 de culoare: 2700K<br \/>\nFlux Luminos: 6020 lm<br \/>\nCuloare Produs: Negru\/ Alam\u0103<\/p>\n<div>CRI&gt;90<\/div>\n<p>Pre\u021bul afi\u0219at include TVA<\/p>\n","protected":false},"excerpt":{"rendered":"<p>Lumin\u0103 sculptat\u0103 \u00een valuri de sticl\u0103.<\/p>\n","protected":false},"featured_media":26245,"template":"","meta":{"_acf_changed":false},"product_cat":[174,219],"product_tag":[],"class_list":{"0":"post-26116","1":"product","2":"type-product","3":"status-publish","4":"has-post-thumbnail","6":"product_cat-iluminat","7":"product_cat-lumini-suspendate","9":"first","10":"onbackorder","11":"taxable","12":"shipping-taxable","13":"purchasable","14":"product-type-simple","swatches":"rey-swatches","show_selected":"","stretch_labels":"rey-swatches--stretch-labels"},"acf":[],"yoast_head":"<!-- This site is optimized with the Yoast SEO plugin v27.4 - https:\/\/yoast.com\/product\/yoast-seo-wordpress\/ -->\n<title>Lamp\u0103 suspendat\u0103 Nami - Design Radar<\/title>\n<meta name=\"robots\" content=\"index, follow, max-snippet:-1, max-image-preview:large, max-video-preview:-1\" \/>\n<link rel=\"canonical\" href=\"https:\/\/www.designradar.com\/product\/lampa-suspendata-nami\/\" \/>\n<meta property=\"og:locale\" content=\"en_US\" \/>\n<meta property=\"og:type\" content=\"article\" \/>\n<meta property=\"og:title\" content=\"Lamp\u0103 suspendat\u0103 Nami - Design Radar\" \/>\n<meta property=\"og:description\" content=\"Lumin\u0103 sculptat\u0103 \u00een valuri de sticl\u0103.\" \/>\n<meta property=\"og:url\" content=\"https:\/\/www.designradar.com\/product\/lampa-suspendata-nami\/\" \/>\n<meta property=\"og:site_name\" content=\"Design Radar\" \/>\n<meta property=\"article:publisher\" content=\"https:\/\/www.facebook.com\/designradar\" \/>\n<meta property=\"article:modified_time\" content=\"2026-01-08T08:53:00+00:00\" \/>\n<meta property=\"og:image\" content=\"https:\/\/www.designradar.com\/wp-content\/uploads\/2025\/11\/Generative-Fill-14.png\" \/>\n\t<meta property=\"og:image:width\" content=\"1024\" \/>\n\t<meta property=\"og:image:height\" content=\"1120\" \/>\n\t<meta property=\"og:image:type\" content=\"image\/png\" \/>\n<meta name=\"twitter:card\" content=\"summary_large_image\" \/>\n<meta name=\"twitter:label1\" content=\"Est. reading time\" \/>\n\t<meta name=\"twitter:data1\" content=\"1 minute\" \/>\n<script type=\"application\/ld+json\" class=\"yoast-schema-graph\">{\"@context\":\"https:\\\/\\\/schema.org\",\"@graph\":[{\"@type\":\"WebPage\",\"@id\":\"https:\\\/\\\/www.designradar.com\\\/product\\\/lampa-suspendata-nami\\\/\",\"url\":\"https:\\\/\\\/www.designradar.com\\\/product\\\/lampa-suspendata-nami\\\/\",\"name\":\"Lamp\u0103 suspendat\u0103 Nami - Design Radar\",\"isPartOf\":{\"@id\":\"https:\\\/\\\/www.designradar.com\\\/#website\"},\"primaryImageOfPage\":{\"@id\":\"https:\\\/\\\/www.designradar.com\\\/product\\\/lampa-suspendata-nami\\\/#primaryimage\"},\"image\":{\"@id\":\"https:\\\/\\\/www.designradar.com\\\/product\\\/lampa-suspendata-nami\\\/#primaryimage\"},\"thumbnailUrl\":\"https:\\\/\\\/www.designradar.com\\\/wp-content\\\/uploads\\\/2025\\\/11\\\/Generative-Fill-14.png\",\"datePublished\":\"2025-11-26T15:19:52+00:00\",\"dateModified\":\"2026-01-08T08:53:00+00:00\",\"breadcrumb\":{\"@id\":\"https:\\\/\\\/www.designradar.com\\\/product\\\/lampa-suspendata-nami\\\/#breadcrumb\"},\"inLanguage\":\"en-US\",\"potentialAction\":[{\"@type\":\"ReadAction\",\"target\":[\"https:\\\/\\\/www.designradar.com\\\/product\\\/lampa-suspendata-nami\\\/\"]}]},{\"@type\":\"ImageObject\",\"inLanguage\":\"en-US\",\"@id\":\"https:\\\/\\\/www.designradar.com\\\/product\\\/lampa-suspendata-nami\\\/#primaryimage\",\"url\":\"https:\\\/\\\/www.designradar.com\\\/wp-content\\\/uploads\\\/2025\\\/11\\\/Generative-Fill-14.png\",\"contentUrl\":\"https:\\\/\\\/www.designradar.com\\\/wp-content\\\/uploads\\\/2025\\\/11\\\/Generative-Fill-14.png\",\"width\":1024,\"height\":1120},{\"@type\":\"BreadcrumbList\",\"@id\":\"https:\\\/\\\/www.designradar.com\\\/product\\\/lampa-suspendata-nami\\\/#breadcrumb\",\"itemListElement\":[{\"@type\":\"ListItem\",\"position\":1,\"name\":\"Prima pagin\u0103\",\"item\":\"https:\\\/\\\/www.designradar.com\\\/\"},{\"@type\":\"ListItem\",\"position\":2,\"name\":\"Shop\",\"item\":\"https:\\\/\\\/www.designradar.com\\\/shop\\\/\"},{\"@type\":\"ListItem\",\"position\":3,\"name\":\"Lamp\u0103 suspendat\u0103 Nami\"}]},{\"@type\":\"WebSite\",\"@id\":\"https:\\\/\\\/www.designradar.com\\\/#website\",\"url\":\"https:\\\/\\\/www.designradar.com\\\/\",\"name\":\"Design Radar\",\"description\":\"\ud835\udde2\ud835\uddfb\ud835\uddf2 \ud835\udde6\ud835\ude01\ud835\uddf2\ud835\uddfd \ud835\uddd4\ud835\uddf5\ud835\uddf2\ud835\uddee\ud835\uddf1.\",\"publisher\":{\"@id\":\"https:\\\/\\\/www.designradar.com\\\/#organization\"},\"potentialAction\":[{\"@type\":\"SearchAction\",\"target\":{\"@type\":\"EntryPoint\",\"urlTemplate\":\"https:\\\/\\\/www.designradar.com\\\/?s={search_term_string}\"},\"query-input\":{\"@type\":\"PropertyValueSpecification\",\"valueRequired\":true,\"valueName\":\"search_term_string\"}}],\"inLanguage\":\"en-US\"},{\"@type\":\"Organization\",\"@id\":\"https:\\\/\\\/www.designradar.com\\\/#organization\",\"name\":\"Design Radar\",\"url\":\"https:\\\/\\\/www.designradar.com\\\/\",\"logo\":{\"@type\":\"ImageObject\",\"inLanguage\":\"en-US\",\"@id\":\"https:\\\/\\\/www.designradar.com\\\/#\\\/schema\\\/logo\\\/image\\\/\",\"url\":\"https:\\\/\\\/www.designradar.com\\\/wp-content\\\/uploads\\\/2023\\\/02\\\/designRadar_logo_wide.svg\",\"contentUrl\":\"https:\\\/\\\/www.designradar.com\\\/wp-content\\\/uploads\\\/2023\\\/02\\\/designRadar_logo_wide.svg\",\"width\":200,\"height\":75,\"caption\":\"Design Radar\"},\"image\":{\"@id\":\"https:\\\/\\\/www.designradar.com\\\/#\\\/schema\\\/logo\\\/image\\\/\"},\"sameAs\":[\"https:\\\/\\\/www.facebook.com\\\/designradar\",\"https:\\\/\\\/www.instagram.com\\\/designradar.store\\\/\",\"https:\\\/\\\/www.tiktok.com\\\/@designradar\",\"https:\\\/\\\/www.youtube.com\\\/@designradar\",\"https:\\\/\\\/www.linkedin.com\\\/company\\\/designradar\\\/\",\"https:\\\/\\\/pinterest.com\\\/designradar_com\\\/\"]}]}<\/script>\n<!-- \/ Yoast SEO plugin. -->","yoast_head_json":{"title":"Lamp\u0103 suspendat\u0103 Nami - Design Radar","robots":{"index":"index","follow":"follow","max-snippet":"max-snippet:-1","max-image-preview":"max-image-preview:large","max-video-preview":"max-video-preview:-1"},"canonical":"https:\/\/www.designradar.com\/product\/lampa-suspendata-nami\/","og_locale":"en_US","og_type":"article","og_title":"Lamp\u0103 suspendat\u0103 Nami - Design Radar","og_description":"Lumin\u0103 sculptat\u0103 \u00een valuri de sticl\u0103.","og_url":"https:\/\/www.designradar.com\/product\/lampa-suspendata-nami\/","og_site_name":"Design Radar","article_publisher":"https:\/\/www.facebook.com\/designradar","article_modified_time":"2026-01-08T08:53:00+00:00","og_image":[{"width":1024,"height":1120,"url":"https:\/\/www.designradar.com\/wp-content\/uploads\/2025\/11\/Generative-Fill-14.png","type":"image\/png"}],"twitter_card":"summary_large_image","twitter_misc":{"Est. reading time":"1 minute"},"schema":{"@context":"https:\/\/schema.org","@graph":[{"@type":"WebPage","@id":"https:\/\/www.designradar.com\/product\/lampa-suspendata-nami\/","url":"https:\/\/www.designradar.com\/product\/lampa-suspendata-nami\/","name":"Lamp\u0103 suspendat\u0103 Nami - Design Radar","isPartOf":{"@id":"https:\/\/www.designradar.com\/#website"},"primaryImageOfPage":{"@id":"https:\/\/www.designradar.com\/product\/lampa-suspendata-nami\/#primaryimage"},"image":{"@id":"https:\/\/www.designradar.com\/product\/lampa-suspendata-nami\/#primaryimage"},"thumbnailUrl":"https:\/\/www.designradar.com\/wp-content\/uploads\/2025\/11\/Generative-Fill-14.png","datePublished":"2025-11-26T15:19:52+00:00","dateModified":"2026-01-08T08:53:00+00:00","breadcrumb":{"@id":"https:\/\/www.designradar.com\/product\/lampa-suspendata-nami\/#breadcrumb"},"inLanguage":"en-US","potentialAction":[{"@type":"ReadAction","target":["https:\/\/www.designradar.com\/product\/lampa-suspendata-nami\/"]}]},{"@type":"ImageObject","inLanguage":"en-US","@id":"https:\/\/www.designradar.com\/product\/lampa-suspendata-nami\/#primaryimage","url":"https:\/\/www.designradar.com\/wp-content\/uploads\/2025\/11\/Generative-Fill-14.png","contentUrl":"https:\/\/www.designradar.com\/wp-content\/uploads\/2025\/11\/Generative-Fill-14.png","width":1024,"height":1120},{"@type":"BreadcrumbList","@id":"https:\/\/www.designradar.com\/product\/lampa-suspendata-nami\/#breadcrumb","itemListElement":[{"@type":"ListItem","position":1,"name":"Prima pagin\u0103","item":"https:\/\/www.designradar.com\/"},{"@type":"ListItem","position":2,"name":"Shop","item":"https:\/\/www.designradar.com\/shop\/"},{"@type":"ListItem","position":3,"name":"Lamp\u0103 suspendat\u0103 Nami"}]},{"@type":"WebSite","@id":"https:\/\/www.designradar.com\/#website","url":"https:\/\/www.designradar.com\/","name":"Design Radar","description":"\ud835\udde2\ud835\uddfb\ud835\uddf2 \ud835\udde6\ud835\ude01\ud835\uddf2\ud835\uddfd \ud835\uddd4\ud835\uddf5\ud835\uddf2\ud835\uddee\ud835\uddf1.","publisher":{"@id":"https:\/\/www.designradar.com\/#organization"},"potentialAction":[{"@type":"SearchAction","target":{"@type":"EntryPoint","urlTemplate":"https:\/\/www.designradar.com\/?s={search_term_string}"},"query-input":{"@type":"PropertyValueSpecification","valueRequired":true,"valueName":"search_term_string"}}],"inLanguage":"en-US"},{"@type":"Organization","@id":"https:\/\/www.designradar.com\/#organization","name":"Design Radar","url":"https:\/\/www.designradar.com\/","logo":{"@type":"ImageObject","inLanguage":"en-US","@id":"https:\/\/www.designradar.com\/#\/schema\/logo\/image\/","url":"https:\/\/www.designradar.com\/wp-content\/uploads\/2023\/02\/designRadar_logo_wide.svg","contentUrl":"https:\/\/www.designradar.com\/wp-content\/uploads\/2023\/02\/designRadar_logo_wide.svg","width":200,"height":75,"caption":"Design Radar"},"image":{"@id":"https:\/\/www.designradar.com\/#\/schema\/logo\/image\/"},"sameAs":["https:\/\/www.facebook.com\/designradar","https:\/\/www.instagram.com\/designradar.store\/","https:\/\/www.tiktok.com\/@designradar","https:\/\/www.youtube.com\/@designradar","https:\/\/www.linkedin.com\/company\/designradar\/","https:\/\/pinterest.com\/designradar_com\/"]}]}},"_links":{"self":[{"href":"https:\/\/www.designradar.com\/en\/wp-json\/wp\/v2\/product\/26116","targetHints":{"allow":["GET"]}}],"collection":[{"href":"https:\/\/www.designradar.com\/en\/wp-json\/wp\/v2\/product"}],"about":[{"href":"https:\/\/www.designradar.com\/en\/wp-json\/wp\/v2\/types\/product"}],"version-history":[{"count":2,"href":"https:\/\/www.designradar.com\/en\/wp-json\/wp\/v2\/product\/26116\/revisions"}],"predecessor-version":[{"id":26389,"href":"https:\/\/www.designradar.com\/en\/wp-json\/wp\/v2\/product\/26116\/revisions\/26389"}],"wp:featuredmedia":[{"embeddable":true,"href":"https:\/\/www.designradar.com\/en\/wp-json\/wp\/v2\/media\/26245"}],"wp:attachment":[{"href":"https:\/\/www.designradar.com\/en\/wp-json\/wp\/v2\/media?parent=26116"}],"wp:term":[{"taxonomy":"product_cat","embeddable":true,"href":"https:\/\/www.designradar.com\/en\/wp-json\/wp\/v2\/product_cat?post=26116"},{"taxonomy":"product_tag","embeddable":true,"href":"https:\/\/www.designradar.com\/en\/wp-json\/wp\/v2\/product_tag?post=26116"}],"curies":[{"name":"wp","href":"https:\/\/api.w.org\/{rel}","templated":true}]}}